{"id":3,"date":"2022-05-26T11:50:59","date_gmt":"2022-05-26T11:50:59","guid":{"rendered":"https:\/\/eod-star.hu\/?page_id=3"},"modified":"2024-03-19T13:45:45","modified_gmt":"2024-03-19T13:45:45","slug":"adatvedelmi-szabalyzat","status":"publish","type":"page","link":"https:\/\/eod-star.hu\/hu\/adatvedelmi-szabalyzat\/","title":{"rendered":"Adatv\u00e9delmi Szab\u00e1lyzat"},"content":{"rendered":"<p>[et_pb_section fb_built=&#8221;1&#8243; admin_label=&#8221;section&#8221; _builder_version=&#8221;4.16&#8243; global_colors_info=&#8221;{}&#8221;][et_pb_row admin_label=&#8221;row&#8221; _builder_version=&#8221;4.16&#8243; background_size=&#8221;initial&#8221; background_position=&#8221;top_left&#8221; background_repeat=&#8221;repeat&#8221; global_colors_info=&#8221;{}&#8221;][et_pb_column type=&#8221;4_4&#8243; _builder_version=&#8221;4.16&#8243; custom_padding=&#8221;|||&#8221; global_colors_info=&#8221;{}&#8221; custom_padding__hover=&#8221;|||&#8221;][et_pb_text admin_label=&#8221;Text&#8221; _builder_version=&#8221;4.16&#8243; background_size=&#8221;initial&#8221; background_position=&#8221;top_left&#8221; background_repeat=&#8221;repeat&#8221; global_colors_info=&#8221;{}&#8221;]<\/p>\n<p>&nbsp;<\/p>\n<h2>Adatv\u00e9delmi Szab\u00e1lyzat<\/h2>\n<p><b>Ki az adatkezel\u0151?<\/b><\/p>\n<p>A jelen Adatkezel\u00e9si T\u00e1j\u00e9koztat\u00f3 (a \u201e<b>T\u00e1j\u00e9koztat\u00f3<\/b>\u201d) bemutatja, hogy a <b>EOD-STAR Kft.<\/b>, sz\u00e9khelye: 1119 Budapest, Etele \u00fat 30. 1. em. 10. (\u201e<b>EOD-STAR<\/b>\u201d, \u201e<b>mi<\/b>\u201d vagy \u201e<b>nek\u00fcnk<\/b>\u201d) mint adatkezel\u0151 mik\u00e9nt kezeli \u00e9s tov\u00e1bb\u00edtja az \u00d6nh\u00f6z kapcsol\u00f3d\u00f3 adatokat (az \u00d6n \u201e<b>szem\u00e9lyes adatai<\/b>\u201d), melyeket a jelen weboldal (a \u201e<b>Weboldal<\/b>\u201d) \u00d6n \u00e1ltali l\u00e1togat\u00e1sa sor\u00e1n, vagy akkor gy\u0171jt\u00fcnk, ha \u00d6n felveszi vel\u00fcnk a kapcsolatot, egy term\u00e9ket v\u00e1s\u00e1rol illetve szolg\u00e1ltat\u00e1st vesz ig\u00e9nybe. A jelen T\u00e1j\u00e9koztat\u00f3 tov\u00e1bb\u00e1 bemutatja azt is, hogyan kezelj\u00fck az \u00d6nnel kapcsolatba hozhat\u00f3 szem\u00e9lyes adatokat.\u00a0<\/p>\n<p><b>Kinek tessz\u00fck hozz\u00e1f\u00e9rhet\u0151v\u00e9 az \u00d6n szem\u00e9lyes adatait?<\/b><\/p>\n<p>Az \u00d6n szem\u00e9lyes adatait k\u00fcl\u00f6nf\u00e9le m\u00e9rt\u00e9kben hozz\u00e1f\u00e9rhet\u0151v\u00e9 tessz\u00fck:<\/p>\n<ul>\n<li style=\"font-weight: 400;\" aria-level=\"1\">olyan t\u00e1rsas\u00e1gok vagy m\u00e1s szervezetek r\u00e9sz\u00e9re, akik megb\u00edz\u00e1sunk alapj\u00e1n \u00e9s a nev\u00fcnkben szolg\u00e1ltat\u00e1sokat ny\u00fajtsanak sz\u00e1munkra, \u00fagymint webhoszting t\u00e1rsas\u00e1gok, levelez\u00e9si szolg\u00e1ltat\u00f3k, web analitikai szolg\u00e1ltat\u00f3k, rendezv\u00e9nyszervez\u0151 t\u00e1rsas\u00e1gok \u00e9s inform\u00e1ci\u00f3technol\u00f3giai szolg\u00e1ltat\u00e1sokat ny\u00fajt\u00f3 t\u00e1rsas\u00e1gok<\/li>\n<li style=\"font-weight: 400;\" aria-level=\"1\">olyan t\u00e1rsas\u00e1gok vagy m\u00e1s szervezetek r\u00e9sz\u00e9re, amelyekkel kapcsolatban \u00d6n k\u00e9rte a szem\u00e9lyes adatai megoszt\u00e1s\u00e1t, vagy ehhez hozz\u00e1j\u00e1rul\u00e1s\u00e1t adta;<\/li>\n<li style=\"font-weight: 400;\" aria-level=\"1\">szakmai tan\u00e1csad\u00f3k (\u00edgy \u00fcgyv\u00e9dek, k\u00f6nyvvizsg\u00e1l\u00f3k) r\u00e9sz\u00e9re;<\/li>\n<li style=\"font-weight: 400;\" aria-level=\"1\">valamely nyomoz\u00f3 hat\u00f3s\u00e1g, b\u00edr\u00f3s\u00e1g, szab\u00e1lyoz\u00f3 hat\u00f3s\u00e1g, korm\u00e1nyzati, hat\u00f3s\u00e1gi szerv, m\u00e1s harmadik szem\u00e9ly r\u00e9sz\u00e9re, ha ez sz\u00fcks\u00e9ges valamely jogszab\u00e1lyi, hat\u00f3s\u00e1gi k\u00f6telezetts\u00e9g teljes\u00edt\u00e9se, a jogaink vagy harmadik szem\u00e9lyek jogai, term\u00e9szetes szem\u00e9lyek szem\u00e9lyes biztons\u00e1g\u00e1nak v\u00e9delme \u00e9rdek\u00e9ben, vagy annak \u00e9rdek\u00e9ben, hogy felder\u00edts\u00fcnk, megel\u0151zz\u00fcnk, kezelj\u00fcnk valamely vissza\u00e9l\u00e9s gyan\u00faj\u00e1t, egy biztons\u00e1gi incidenst.<\/li>\n<\/ul>\n<p><b>Milyen szem\u00e9lyes adatokat kezel\u00fcnk?<\/b><\/p>\n<p>EOD-STAR szem\u00e9lyes adatokat gy\u0171jt a Weboldalon kereszt\u00fcl:\u00a0<\/p>\n<ul>\n<li style=\"font-weight: 400;\" aria-level=\"1\">amikor \u00d6n beviteli mez\u0151ket t\u00f6lt ki, levelet k\u00fcld r\u00e9sz\u00fcnkre vagy h\u00edrlev\u00e9lre iratkozik fel<\/li>\n<\/ul>\n<p>\u00e9s<\/p>\n<ul>\n<li style=\"font-weight: 400;\" aria-level=\"1\">automatiz\u00e1ltan cookie-k \u00e9s m\u00e1s hasonl\u00f3 technol\u00f3gi\u00e1k haszn\u00e1lat\u00e1val.\u00a0<\/li>\n<\/ul>\n<p>A Weboldal lehet\u0151v\u00e9 teszi, hogy szem\u00e9lyes adatait \u00d6n megadja, bele\u00e9rtve:<\/p>\n<ul>\n<li style=\"font-weight: 400;\" aria-level=\"1\">az \u00d6n nev\u00e9t \u00e9s el\u00e9rhet\u0151s\u00e9gi adatait (\u00fagymint az \u00d6n c\u00edm\u00e9t, telefonsz\u00e1m\u00e1t \u00e9s e-mail c\u00edm\u00e9t), \u00e9s \u2013 amennyiben kereskedelmi tev\u00e9kenys\u00e9ge k\u00f6r\u00e9ben j\u00e1r el \u2013 az \u00d6n \u00fczlet\u00e9re vagy munk\u00e1ltat\u00f3j\u00e1ra vonatkoz\u00f3 adatokat.<\/li>\n<\/ul>\n<p><b>Az \u00e1ltalunk gy\u0171jt\u00f6tt szem\u00e9lyes adatokat az al\u00e1bbi c\u00e9lokb\u00f3l haszn\u00e1ljuk fel:<\/b><\/p>\n<ul>\n<li style=\"font-weight: 400;\" aria-level=\"1\">az \u00d6n k\u00e9r\u00e9sei teljes\u00edt\u00e9se (p\u00e9ld\u00e1ul, hogy lehet\u0151v\u00e9 tegy\u00fck az \u00d6n sz\u00e1m\u00e1ra, hogy kapcsolatba l\u00e9pjen vel\u00fcnk)<\/li>\n<li style=\"font-weight: 400;\" aria-level=\"1\">az \u00d6nnel fenn\u00e1ll\u00f3 \u00fczleti c\u00e9l\u00fa egy\u00fcttm\u0171k\u00f6d\u00e9s\u00fcnk \u00e9s kapcsolatunk kezel\u00e9se;<\/li>\n<li style=\"font-weight: 400;\" aria-level=\"1\">az \u00d6n k\u00e9rd\u00e9seinek kezel\u00e9se, megv\u00e1laszol\u00e1sa;<\/li>\n<li style=\"font-weight: 400;\" aria-level=\"1\">kutat\u00e1sok, el\u00e9gedetts\u00e9gi felm\u00e9r\u00e9sek lefolytat\u00e1sa;<\/li>\n<li style=\"font-weight: 400;\" aria-level=\"1\">el\u0151zetesen ig\u00e9nyl\u00e9s ut\u00e1n rekl\u00e1manyagok, h\u00edrlevelek megk\u00fcld\u00e9se az \u00d6n r\u00e9sz\u00e9re az \u00d6n preferenci\u00e1inak megfelel\u0151 kommunik\u00e1ci\u00f3s csatorn\u00e1kon; \u00e9s<\/li>\n<li style=\"font-weight: 400;\" aria-level=\"1\">a jogszab\u00e1lyi \u00e9s hat\u00f3s\u00e1gi k\u00f6telez\u00e9seknek val\u00f3 megfelel\u00e9s biztos\u00edt\u00e1sa, v\u00e1laszad\u00e1s a jogi elj\u00e1r\u00e1sokban, korm\u00e1nyzati szervek, m\u00e1s harmadik szem\u00e9lyek megkeres\u00e9seivel kapcsolatosan, \u00e9s a b\u0171ncselekm\u00e9nyek, csal\u00e1s megel\u0151z\u00e9se \u00e9s felder\u00edt\u00e9se, vagy az \u00d6n vagy m\u00e1sok jogainak v\u00e9delme \u00e9rdek\u00e9ben.<\/li>\n<li style=\"font-weight: 400;\" aria-level=\"1\">a Weboldal m\u0171k\u00f6dtet\u00e9se, annak szem\u00e9lyre szab\u00e1sa az \u00d6n r\u00e9sz\u00e9re, valamint a Weboldal haszn\u00e1lat\u00e1nak felm\u00e9r\u00e9se, hogy azt fejleszteni tudjuk.<\/li>\n<\/ul>\n<p>Az al\u00e1bbi c\u00e9lokb\u00f3l \u00f6sszekapcsolhatjuk \u00e9s elemezhetj\u00fck az \u00d6n szem\u00e9lyes adatait:<\/p>\n<ul>\n<li style=\"font-weight: 400;\" aria-level=\"1\">term\u00e9keink, elj\u00e1r\u00e1saink, szolg\u00e1ltat\u00e1saink \u00e9s marketing \u00e9s \u00fczleti strat\u00e9gi\u00e1ink meg\u00e9rt\u00e9se, fejleszt\u00e9se \u00e9s jav\u00edt\u00e1sa;<\/li>\n<li style=\"font-weight: 400;\" aria-level=\"1\">term\u00e9keink \u00e9s szolg\u00e1ltat\u00e1saink szem\u00e9lyre szab\u00e1sa az \u00d6n r\u00e9sz\u00e9re;<\/li>\n<li style=\"font-weight: 400;\" aria-level=\"1\">az \u00fcgyfeleink jobb megismer\u00e9se; \u00e9s<\/li>\n<li style=\"font-weight: 400;\" aria-level=\"1\">az \u00d6nnel fenn\u00e1ll\u00f3 kapcsolatunk kezel\u00e9se \u00e9s jav\u00edt\u00e1sa.<\/li>\n<\/ul>\n<p>A fentiek magukba foglalhatj\u00e1k az \u00d6n t\u00e1j\u00e9koztat\u00e1s\u00e1t forgalmaz\u00e1si strat\u00e9gi\u00e1nkr\u00f3l, a rekl\u00e1m \u00e9s \u00fcgyf\u00e9lszolg\u00e1lati szolg\u00e1ltat\u00e1saink hat\u00e9konys\u00e1g\u00e1nak m\u00e9r\u00e9s\u00e9t, piacelemz\u00e9sek elv\u00e9gz\u00e9s\u00e9t, \u00e9s az \u00d6nt \u00e9rdekl\u0151 term\u00e9kek vagy szolg\u00e1ltat\u00e1sok azonos\u00edt\u00e1s\u00e1t, valamint az \u00d6nnel val\u00f3 kapcsolatfelv\u00e9telt, hogy az ilyen term\u00e9kekr\u0151l \u00e9s szolg\u00e1ltat\u00e1sokr\u00f3l t\u00e1j\u00e9koztassuk \u00d6nt.<\/p>\n<p>Ezt k\u00f6vet\u0151en az \u00d6n kommunik\u00e1ci\u00f3s csatorna-v\u00e1laszt\u00e1s\u00e1nak megfelel\u0151en \u00e9rtes\u00edt\u00e9seket k\u00fcldhet\u00fcnk \u00d6nnek e term\u00e9kekkel \u00e9s szolg\u00e1ltat\u00e1sokkal kapcsolatban, \u00e9s felhaszn\u00e1lhatjuk az \u00d6nnel kapcsolatban kezelt adatokat, hogy \u00e9rtes\u00edts\u00fck az \u00fcgyf\u00e9lszolg\u00e1lati k\u00f6zpontjainkat, amennyiben \u00d6n felveszi vel\u00fck a kapcsolatot. Egy\u00fcttm\u0171k\u00f6dhet\u00fcnk tov\u00e1bb\u00e1 harmadik szem\u00e9lyekkel abb\u00f3l a c\u00e9lb\u00f3l, hogy szem\u00e9lyre szabott hirdet\u00e9seket jelen\u00edts\u00fcnk meg \u00d6nnek k\u00f6z\u00f6ss\u00e9gi m\u00e9dia \u00fatj\u00e1n vagy &#8211; amennyiben \u00d6n hozz\u00e1j\u00e1rult a s\u00fctik alkalmaz\u00e1s\u00e1hoz \u2013 amikor \u00d6n az interneten b\u00f6ng\u00e9szik \/ megl\u00e1togat m\u00e1s weboldalakat. Ha rekl\u00e1manyagok k\u00fcld\u00e9s\u00e9t k\u00edv\u00e1nja letiltani, az ezzel kapcsolatos tov\u00e1bbi inform\u00e1ci\u00f3k az \u201e<b>Az \u00d6n jogai<\/b>\u201d elnevez\u00e9s\u0171 bekezd\u00e9sben tal\u00e1lhat\u00f3ak meg.<\/p>\n<p>Az \u00d6n szem\u00e9lyes adatait az \u00d6n azonos\u00edt\u00e1s\u00e1ra alkalmas form\u00e1ban kiz\u00e1r\u00f3lag az adatkezel\u00e9s c\u00e9lj\u00e1val \u00f6sszhangban t\u00e1roljuk. Ez \u00e1ltal\u00e1noss\u00e1gban azt jelenti, hogy az \u00d6n szem\u00e9lyes adatait mindaddig t\u00e1roljuk, am\u00edg a k\u00f6vetkez\u0151 felt\u00e9telek valamelyike fenn\u00e1ll:<\/p>\n<ul>\n<li style=\"font-weight: 400;\" aria-level=\"1\">az \u00d6n szem\u00e9lyes adatai sz\u00fcks\u00e9gesek az \u00d6n \u00e1ltal ig\u00e9nyelt szolg\u00e1ltat\u00e1sok ny\u00fajt\u00e1s\u00e1hoz; vagy<\/li>\n<li style=\"font-weight: 400;\" aria-level=\"1\">az \u00d6n szem\u00e9lyes adatai kezel\u00e9se jogaink vagy tulajdonunk v\u00e9delme \u00e9rdek\u00e9ben sz\u00fcks\u00e9ges (ez \u00e1ltal\u00e1noss\u00e1gban az ir\u00e1nyad\u00f3 el\u00e9v\u00fcl\u00e9si id\u0151tartam hossz\u00e1nak felel meg); vagy<\/li>\n<li style=\"font-weight: 400;\" aria-level=\"1\">az alkalmazand\u00f3 jogszab\u00e1lyok (\u00edgy ad\u00f3z\u00e1si vagy sz\u00e1mviteli dokumentumokra vonatkoz\u00f3 meg\u0151rz\u00e9si k\u00f6telezetts\u00e9gek) alapj\u00e1n egy\u00e9bk\u00e9nt k\u00f6telesek vagyunk meg\u0151rizni az \u00d6n szem\u00e9lyes adatait.<\/li>\n<\/ul>\n<p>Az \u00d6n szem\u00e9lyes adatai kezel\u00e9se sor\u00e1n t\u00f6bb k\u00fcl\u00f6nb\u00f6z\u0151 jogalapra t\u00e1maszkodunk, \u00e9s az \u00d6n szem\u00e9lyes adatait az al\u00e1bbi helyzetekben gy\u0171jtj\u00fck \u00e9s kezelj\u00fck:<\/p>\n<ul>\n<li style=\"font-weight: 400;\" aria-level=\"1\">amennyiben az \u00d6n szem\u00e9lyes adatai felhaszn\u00e1l\u00e1sa a r\u00e9sz\u00fcnkr\u0151l <b>olyan szerz\u0151d\u00e9s vagy szerz\u0151d\u00e9sek teljes\u00edt\u00e9se \u00e9rdek\u00e9ben sz\u00fcks\u00e9ges, amelyben \u00d6n f\u00e9l, vagy az a szerz\u0151d\u00e9s megk\u00f6t\u00e9s\u00e9t megel\u0151z\u0151en az \u00d6n k\u00e9r\u00e9s\u00e9re teljes\u00edtend\u0151 l\u00e9p\u00e9sek megt\u00e9tel\u00e9hez sz\u00fcks\u00e9ges<\/b>.\u00a0<\/li>\n<li style=\"font-weight: 400;\" aria-level=\"1\">amennyiben az \u00d6n szem\u00e9lyes adatait az\u00e9rt kezelj\u00fck, mert az <b>a mi vagy azon szervezet jogos \u00e9rdeke \u00e9rv\u00e9nyes\u00edt\u00e9se \u00e9rdek\u00e9ben sz\u00fcks\u00e9ges, amellyel az \u00d6n szem\u00e9lyes adatait megosztottuk<\/b>, \u00e9s egyben biztos\u00edtottuk az \u00d6n szem\u00e9lyes adatai \u00e9s az \u00d6n kapcsol\u00f3d\u00f3 \u00e9rintetti jogai v\u00e9delm\u00e9t. P\u00e9ld\u00e1ul erre a jogalapra t\u00e1maszkodunk, amikor mi \u00e9s\/vagy a EOD-STAR tartoz\u00f3 m\u00e1s t\u00e1rsas\u00e1gok felhaszn\u00e1lj\u00e1k az \u00d6n szem\u00e9lyes adatait az al\u00e1bbi c\u00e9lokb\u00f3l: a term\u00e9kei(n)k, szolg\u00e1ltat\u00e1sai(n)k \u00e9s\/vagy \u00fczlet\u00fc(n)k vagy rekl\u00e1m strat\u00e9gi\u00e1i(n)k meg\u00e9rt\u00e9se \u00e9s jav\u00edt\u00e1sa; kutat\u00e1s; az \u00d6nnel fenn\u00e1ll\u00f3 kapcsolatunk kezel\u00e9se \u00e9s jav\u00edt\u00e1sa \u00e9s adminisztrat\u00edv c\u00e9lok; annak meghat\u00e1roz\u00e1sa, hogy \u00d6nt milyen inform\u00e1ci\u00f3k, term\u00e9kek \u00e9s szolg\u00e1ltat\u00e1sok \u00e9rdeklik, \u00e9s az ezen term\u00e9kekkel \u00e9s szolg\u00e1ltat\u00e1sokkal kapcsolatos inform\u00e1ci\u00f3k, aj\u00e1nlatok \u00e9s online hirdet\u00e9sek megk\u00fcld\u00e9se \u00e9s megjelen\u00edt\u00e9se \u00d6nnek; a term\u00e9keinkkel \u00e9s szolg\u00e1ltat\u00e1sainkkal kapcsolatos \u00e9lm\u00e9ny\u00e9nek testre szab\u00e1sa; annak biztos\u00edt\u00e1sa, hogy a term\u00e9keinket \u00e9s szolg\u00e1ltat\u00e1sainkat a r\u00e1juk ir\u00e1nyad\u00f3 jogszab\u00e1lyoknak \u00e9s felhaszn\u00e1l\u00e1si felt\u00e9teleknek megfelel\u0151en ny\u00fajts\u00e1k \u00e9s haszn\u00e1lj\u00e1k; \u00e9s a mi vagy m\u00e1sok jogainak vagy tulajdon\u00e1nak v\u00e9delme, vagy csal\u00e1s, biztons\u00e1gi vagy adatv\u00e9delmi incidensek felder\u00edt\u00e9se, megel\u0151z\u00e9se \u00e9s kezel\u00e9se;<\/li>\n<li style=\"font-weight: 400;\" aria-level=\"1\">amennyiben az \u00d6n szem\u00e9lyes adatainak kezel\u00e9se sz\u00fcks\u00e9ges a r\u00e1nk <b>vonatkoz\u00f3 jogszab\u00e1lyi vagy szab\u00e1lyoz\u00e1si k\u00f6telezetts\u00e9gnek val\u00f3 megfelel\u00e9s<\/b> \u00e9rdek\u00e9ben\u00a0<\/li>\n<li style=\"font-weight: 400;\" aria-level=\"1\">egyes kiv\u00e9teles esetekben, mikor \u00e1ll\u00e1spontunk szerint az adatkezel\u00e9s m\u00e1s biztons\u00e1ga vagy <b>l\u00e9tfontoss\u00e1g\u00fa \u00e9rdeke<\/b> v\u00e9delme miatt sz\u00fcks\u00e9ges;<\/li>\n<li style=\"font-weight: 400;\" aria-level=\"1\">amennyiben \u00d6n ahhoz <b>hozz\u00e1j\u00e1rul\u00e1s\u00e1t adta<\/b>. Az \u00d6n hozz\u00e1j\u00e1rul\u00e1s\u00e1ra akkor t\u00e1maszkodunk, amikor p\u00e9ld\u00e1ul olyan m\u0171szaki inform\u00e1ci\u00f3kat gy\u0171jt\u00fcnk, mint a s\u00fctikb\u0151l vagy m\u00e1s hasonl\u00f3 technol\u00f3gi\u00e1kb\u00f3l sz\u00e1rmaz\u00f3 inform\u00e1ci\u00f3k, vagy amikor az \u00d6n szem\u00e9lyes adatait e-mail \u00e9s sz\u00f6veges \u00fczenet k\u00fcld\u00e9s\u00e9hez, k\u00f6zvetlen \u00fczletszerz\u00e9si c\u00e9lb\u00f3l haszn\u00e1ljuk fel. Amennyiben az \u00d6n szem\u00e9lyes adatainak kezel\u00e9se \u00e9rdek\u00e9ben az \u00d6n hozz\u00e1j\u00e1rul\u00e1s\u00e1ra t\u00e1maszkodunk, \u00d6n e hozz\u00e1j\u00e1rul\u00e1s\u00e1t b\u00e1rmikor jogosult visszavonni. Tov\u00e1bbi inform\u00e1ci\u00f3\u00e9rt, k\u00e9rj\u00fck, tekintse meg a jelen T\u00e1j\u00e9koztat\u00f3 \u201e<b>Az \u00d6n jogai<\/b>\u201d c\u00edm\u0171 bekezd\u00e9s\u00e9t.<\/li>\n<\/ul>\n<p>A szem\u00e9lyes adatokat az EOD-STAR illetve az EOD-STAR nev\u00e9ben elj\u00e1r\u00f3 inform\u00e1ci\u00f3 technol\u00f3giai szolg\u00e1ltat\u00f3 t\u00e1rolja \u00e9s addig, ameddig arra a mi k\u00f6telezetts\u00e9geink teljes\u00edt\u00e9se \u00e9rdek\u00e9ben sz\u00fcks\u00e9g van, illetve annyi ideig, ami sz\u00fcks\u00e9ges azon c\u00e9l el\u00e9r\u00e9s\u00e9hez, amely \u00e9rdek\u00e9ben az adatokat r\u00f6gz\u00edtett\u00fck. A szem\u00e9lyes adatok nyilv\u00e1ntart\u00e1sainkb\u00f3l t\u00f6rl\u00e9sre, vagy megfelel\u0151 anonimiz\u00e1l\u00e1sra ker\u00fclnek, ha azokra m\u00e1r nincs sz\u00fcks\u00e9g.\u00a0<\/p>\n<p>A k\u00f6zvetlen \u00fczletszerz\u00e9s c\u00e9lj\u00e1b\u00f3l, hozz\u00e1j\u00e1rul\u00e1s alapj\u00e1n kezelt adatokat az EOD-STAR \u00fcgyfelek eset\u00e9n legfeljebb nyolc \u00e9vig, tov\u00e1bb\u00e1 potenci\u00e1lis \u00fcgyfelek eset\u00e9ben (\u00e9rdekl\u0151d\u0151) legfeljebb h\u00e1rom napt\u00e1ri \u00e9vig \u0151rizi meg, kiv\u00e9ve, ha \u00d6n a szem\u00e9lyes adatai kezel\u00e9s\u00e9hez ezen id\u0151pontot megel\u0151z\u0151en ism\u00e9telten hozz\u00e1j\u00e1rul\u00e1s\u00e1t adja nek\u00fcnk.\u00a0<\/p>\n<p>&nbsp;<\/p>\n<p><b>Az \u00d6n jogai<\/b><\/p>\n<p>\u00d6n, mint term\u00e9szetes szem\u00e9ly jogosult arra, hogy t\u00e1j\u00e9koztat\u00e1st k\u00e9rjen arra vonatkoz\u00f3an, hogy az EOD-STAR milyen szem\u00e9lyes adatokat kezel \u00d6nr\u0151l, \u00e9s hogy ezen adatok kezel\u00e9s\u00e9nek mi a c\u00e9lja, valamint hozz\u00e1f\u00e9r\u00e9st k\u00e9rhet ezen adatokhoz, \u00e9s sz\u00fcks\u00e9g eset\u00e9n k\u00e9rheti azok helyesb\u00edt\u00e9s\u00e9t. Egyes esetekben tov\u00e1bb\u00e1 jogosult arra is, hogy tiltakozzon a szem\u00e9lyes adatai \u00e1ltalunk t\u00f6rt\u00e9n\u0151 kezel\u00e9se ellen, k\u00e9rje a szem\u00e9lyes adatai kezel\u00e9s\u00e9nek korl\u00e1toz\u00e1s\u00e1t vagy azok t\u00f6rl\u00e9s\u00e9t, illetve k\u00e9rheti, hogy az \u00d6nre vonatkoz\u00f3 szem\u00e9lyes adatokat sz\u00e9les k\u00f6rben haszn\u00e1lt elektronikus form\u00e1tumban \u00e1tadjuk \u00d6nnek annak \u00e9rdek\u00e9ben, hogy azt \u00d6n megoszthassa m\u00e1s szervezetekkel.<\/p>\n<p>&nbsp;<\/p>\n<p><b>A TILTAKOZ\u00c1SHOZ VAL\u00d3 JOG\u00a0<\/b><\/p>\n<p>&nbsp;<\/p>\n<p><b>Amennyiben az \u00d6n szem\u00e9lyes adatainak kezel\u00e9se jogos \u00e9rdek(ek) \u00e9rv\u00e9nyes\u00edt\u00e9se miatt sz\u00fcks\u00e9ges, \u00d6n jogosult arra, hogy a saj\u00e1t helyzet\u00e9vel kapcsolatos okokb\u00f3l b\u00e1rmikor tiltakozzon szem\u00e9lyes adatainak \u00e1ltalunk t\u00f6rt\u00e9n\u0151 kezel\u00e9se ellen. Ilyen esetben el\u0151fordulhat, hogy nem kezelhetj\u00fck tov\u00e1bb az \u00d6n szem\u00e9lyes adatait. Amennyiben \u00d6nt megilleti a tiltakoz\u00e1shoz val\u00f3 jog, \u00e9s \u00d6n gyakorolja ezen jog\u00e1t, az \u00d6n szem\u00e9lyes adatait nem kezelj\u00fck tov\u00e1bb ilyen c\u00e9lokb\u00f3l. E jog gyakorl\u00e1sa nem j\u00e1r k\u00f6lts\u00e9gekkel. A tiltakoz\u00e1shoz val\u00f3 jog\u00e1t oly m\u00f3don gyakorolhatja, hogy kapcsolatba l\u00e9p vel\u00fcnk.\u00a0\u00a0<\/b><\/p>\n<p>&nbsp;<\/p>\n<p>Amennyiben \u00d6n hozz\u00e1j\u00e1rult a szem\u00e9lyes adatai kezel\u00e9s\u00e9hez, \u00d6n jogosult arra, hogy \u00d6n a hozz\u00e1j\u00e1rul\u00e1s\u00e1t b\u00e1rmikor visszavonja. A hozz\u00e1j\u00e1rul\u00e1s visszavon\u00e1sa nem \u00e9rinti az azt megel\u0151z\u0151 adatkezel\u00e9s jogszer\u0171s\u00e9g\u00e9t. Amennyiben \u00d6n gyakorolni k\u00edv\u00e1nja a hozz\u00e1j\u00e1rul\u00e1s visszavon\u00e1s\u00e1nak jog\u00e1t, k\u00e9rj\u00fck, vegye fel vel\u00fcnk a kapcsolatot a lent megadott c\u00edm\u00fcnk\u00f6n!<\/p>\n<p>Felh\u00edvjuk a figyelm\u00e9t, hogy a fenti jogok jogszer\u0171 okokb\u00f3l, sz\u00fcks\u00e9ges \u00e9s ar\u00e1nyos m\u00e9rt\u00e9kben korl\u00e1tozhat\u00f3k, illetve az azok gyakorl\u00e1s\u00e1ra ir\u00e1nyul\u00f3 k\u00e9relmek indokolt esetekben megtagadhat\u00f3k (pl. ha azok teljes\u00edt\u00e9se h\u00e1tr\u00e1nyosan \u00e9rinten\u00e9 m\u00e1sok jogait).<\/p>\n<p>T\u00e1j\u00e9koztatjuk, hogy amennyiben k\u00e9r\u00e9se megalapozatlan vagy t\u00falz\u00f3 (pl. annak ism\u00e9tl\u0151d\u0151 jellege miatt),<\/p>\n<ul>\n<li style=\"font-weight: 400;\" aria-level=\"1\">k\u00e9r\u00e9s\u00e9nek teljes\u00edt\u00e9s\u00e9t megtagadhatjuk, vagy<\/li>\n<li style=\"font-weight: 400;\" aria-level=\"1\">a k\u00e9rt inform\u00e1ci\u00f3 vagy t\u00e1j\u00e9koztat\u00e1s ny\u00fajt\u00e1s\u00e1val vagy a k\u00e9rt int\u00e9zked\u00e9s meghozatal\u00e1val j\u00e1r\u00f3 adminisztrat\u00edv k\u00f6lts\u00e9gek figyelembev\u00e9tel\u00e9vel \u00e9szszer\u0171 \u00f6sszeg\u0171 d\u00edjat sz\u00e1m\u00edthatunk fel.<\/li>\n<\/ul>\n<p>Amennyiben \u00d6n enged\u00e9lyezte a EOD-STAR-t\u00f3l sz\u00e1rmaz\u00f3 rekl\u00e1m c\u00e9l\u00fa kommunik\u00e1ci\u00f3k fogad\u00e1s\u00e1t, ezzel kapcsolatban \u00d6n b\u00e1rmikor meggondolhatja mag\u00e1t. Amennyiben \u00d6n a tov\u00e1bbiakban nem szeretne marketing kommunik\u00e1ci\u00f3s anyagokat fogadni a EOD-STAR-t\u00f3l, k\u00e9rj\u00fck, \u00edrjon az al\u00e1bbi c\u00edmre:<\/p>\n<p><b>Adatv\u00e9delmi Megkeres\u00e9s<\/b><\/p>\n<p><b>EOD-STAR Kft.<\/b><\/p>\n<p>1119 Budapest, Etele \u00fat 30. 1. em.<\/p>\n<p>Vagy k\u00fcldj\u00f6n e-mailt:<\/p>\n<p><a href=\"mailto:iroda@eod-star.hu\"><b>iroda@eod-star.hu<\/b><\/a><\/p>\n<p>Amennyiben a szem\u00e9lyes adatai EOD-STAR \u00e1ltal t\u00f6rt\u00e9n\u0151 kezel\u00e9s\u00e9vel kapcsolatban b\u00e1rmilyen k\u00e9rd\u00e9se vagy megjegyz\u00e9se van, ha t\u00e1j\u00e9koztat\u00e1st szeretne kapni az \u00d6nnel kapcsolatban kezelt adatokr\u00f3l, vagy ha gyakorolni k\u00edv\u00e1nja a szem\u00e9lyes adataival kapcsolatos jogait, k\u00e9rj\u00fck, l\u00e9pjen vel\u00fcnk kapcsolatba a k\u00f6vetkez\u0151 m\u00f3don:<\/p>\n<p>&nbsp;<\/p>\n<p>Adatv\u00e9delmi Megkeres\u00e9s, EOD-STAR Kft., 1119 Budapest, Etele \u00fat 30. 1. em.<\/p>\n<p>Vagy k\u00fcldj\u00f6n e-mailt:<\/p>\n<p><a href=\"mailto:iroda@eod-star.hu\"><b>iroda@eod-star.hu<\/b><\/a><\/p>\n<p>Amennyiben \u00fagy \u00edt\u00e9li meg, hogy jogait megs\u00e9rtett\u00e9k, az al\u00e1bbi lehet\u0151s\u00e9gei vannak:<\/p>\n<ol>\n<li><b> L\u00e9pjen vel\u00fcnk kapcsolatba<\/b><\/li>\n<\/ol>\n<p>Panasza eset\u00e9n k\u00e9rj\u00fck l\u00e9pjen vel\u00fcnk kapcsolatba, a fentebb megjel\u00f6lt el\u00e9rhet\u0151s\u00e9gek egyik\u00e9n.<\/p>\n<p>A EOD-STAR Adatv\u00e9delmi Tisztvisel\u0151t jel\u00f6lt ki, akivel \u00d6n szint\u00e9n kapcsolatba l\u00e9phet a <b>iroda@eod-star.hu<\/b> e-mailen.<\/p>\n<p>Amennyiben \u00d6nnek a szem\u00e9lyes adatai EOD-STAR \u00e1ltali kezel\u00e9s\u00e9vel kapcsolatban panaszai lenn\u00e9nek, rem\u00e9lj\u00fck, hogy vel\u00fcnk veszi fel a kapcsolatot!<\/p>\n<ol start=\"2\">\n<li><b> A Nemzeti Adatv\u00e9delmi \u00e9s Inform\u00e1ci\u00f3szabads\u00e1g Hat\u00f3s\u00e1ghoz (&#8222;NAIH&#8221;) fordulhat panasszal<\/b><\/li>\n<\/ol>\n<p>\u00d6n jogosult panaszt tenni a NAIH-n\u00e1l, ha az \u00d6n meg\u00edt\u00e9l\u00e9se szerint az \u00d6nre vonatkoz\u00f3 szem\u00e9lyes adatok kezel\u00e9se megs\u00e9rti a vonatkoz\u00f3 jogszab\u00e1lyokat. A NAIH vizsg\u00e1lata ingyenes, az elj\u00e1r\u00e1s r\u00e9szletes szab\u00e1lyait az Info tv. VI. fejezete tartalmazza.<\/p>\n<p>A NAIH el\u00e9rhet\u0151s\u00e9gei:<\/p>\n<p>C\u00edm: 1055 Budapest, Falk Miksa utca 9-11.<\/p>\n<p>Levelez\u00e9si c\u00edm: 1363 Budapest, Pf.: 9.<\/p>\n<p>Telefon: +36 (1) 391 1400<\/p>\n<p>Fax: +36 (1) 391-1410<\/p>\n<p>Email: <b>ugyfelszolgalat@naih.hu<\/b><\/p>\n<p>URL: <a href=\"http:\/\/naih.hu\/\" target=\"_blank\" rel=\"noopener\"><b>http:\/\/naih.hu<\/b><\/a><\/p>\n<ol start=\"3\">\n<li><b> B\u00edr\u00f3s\u00e1ghoz fordulhat<\/b><\/li>\n<\/ol>\n<p>Amennyiben \u00fagy \u00edt\u00e9li meg, hogy a EOD-STAR adatkezel\u00e9se megs\u00e9rtette az \u00d6n jogait, \u00fagy \u2014 a NAIH-n\u00e1l megtett panasz\u00e1t\u00f3l f\u00fcggetlen\u00fcl \u2014 polg\u00e1ri pert is kezdem\u00e9nyezhet a EOD-STAR-dal szemben. A perben f\u0151szab\u00e1ly szerint a Budapest K\u00f6rny\u00e9ki T\u00f6rv\u00e9nysz\u00e9k j\u00e1r el, de az elj\u00e1r\u00e1st (v\u00e1laszt\u00e1sa szerint) az \u00d6n a lak\u00f3helye vagy tart\u00f3zkod\u00e1si helye szerint illet\u00e9kes t\u00f6rv\u00e9nysz\u00e9k el\u0151tt is megind\u00edthatja.<\/p>\n<p>&nbsp;<\/p>\n<p><b>M\u00e1s weboldalak \u00e9s k\u00f6z\u00f6ss\u00e9gi szolg\u00e1ltat\u00e1sok<\/b><\/p>\n<p>A jelen Weboldal olyan, m\u00e1s weboldalakra mutat\u00f3 linkeket tartalmazhat, amelyek nem tartoznak az ir\u00e1ny\u00edt\u00e1sunk al\u00e1, \u00e9s amelyre a jelen T\u00e1j\u00e9koztat\u00f3 nem vonatkozik. Amennyiben az ilyen linkek haszn\u00e1lat\u00e1val \u00d6n ell\u00e1togat ezen m\u00e1s weboldalakra, a weboldal \u00fczemeltet\u0151je adatokat gy\u0171jthet \u00d6nnel kapcsolatban, amelyeket a saj\u00e1t adatkezel\u00e9si t\u00e1j\u00e9koztat\u00f3juknak megfelel\u0151en haszn\u00e1lnak fel, amely a jelen T\u00e1j\u00e9koztat\u00f3 rendelkez\u00e9seit\u0151l elt\u00e9r\u0151 lehet.<\/p>\n<p>&nbsp;<\/p>\n<p>A Weboldal tov\u00e1bb\u00e1 lehet\u0151v\u00e9 teheti, hogy a EOD-STAR-al, a Weboldallal vagy az azon kereszt\u00fcl el\u00e9rhet\u0151 term\u00e9kekkel \u00e9s\/vagy szolg\u00e1ltat\u00e1sokkal kapcsolatos inform\u00e1ci\u00f3kat osszon meg vagy k\u00f6vessen harmadik szem\u00e9ly \u00e1ltal biztos\u00edtott k\u00f6z\u00f6ss\u00e9gi h\u00e1l\u00f3 szolg\u00e1ltat\u00e1s r\u00e9v\u00e9n (\u00fagymint a &#8222;megoszt\u00e1s&#8221;, &#8222;kedvel\u00e9s&#8221; vagy &#8222;k\u00f6vet\u00e9s&#8221; gombok haszn\u00e1lata r\u00e9v\u00e9n).<\/p>\n<p>&nbsp;<\/p>\n<p>Ezt a funkci\u00f3t az\u00e9rt tessz\u00fck el\u00e9rhet\u0151v\u00e9, hogy az \u00d6n k\u00f6z\u00f6ss\u00e9gi h\u00e1l\u00f3j\u00e1nak tagjai k\u00f6r\u00e9ben felkelts\u00fck az \u00e9rdekl\u0151d\u00e9st a Weboldal ir\u00e1nt, \u00e9s hogy lehet\u0151v\u00e9 tegy\u00fck az \u00d6n sz\u00e1m\u00e1ra, hogy a Weboldallal kapcsolatos v\u00e9lem\u00e9ny\u00e9t, h\u00edreket vagy aj\u00e1nl\u00e1sokat osszon meg vagy k\u00f6vessen az \u00d6n kapcsolatai tekintet\u00e9ben. Azonban k\u00e9rj\u00fck, vegye figyelembe, hogy a szem\u00e9lyes adatai k\u00f6z\u00f6ss\u00e9gi h\u00e1l\u00f3n kereszt\u00fcl t\u00f6rt\u00e9n\u0151 megoszt\u00e1sa azt eredm\u00e9nyezheti, hogy a k\u00f6z\u00f6ss\u00e9gi h\u00e1l\u00f3 szolg\u00e1ltat\u00f3ja kezelni fogja ezen adatait, \u00e9s azokat nyilv\u00e1nosan el\u00e9rhet\u0151v\u00e9 teszi, p\u00e9ld\u00e1ul internetes keres\u0151motorok r\u00e9v\u00e9n.<\/p>\n<p>&nbsp;<\/p>\n<p>Javasoljuk, hogy mindig tekintse \u00e1t az adatkezel\u00e9si t\u00e1j\u00e9koztat\u00f3j\u00e1t azon weboldalaknak, amelyeket megl\u00e1togat, vagy azon k\u00f6z\u00f6ss\u00e9gi h\u00e1l\u00f3 szolg\u00e1ltat\u00e1soknak, amelyeken kereszt\u00fcl megosztja az adatait.<\/p>\n<p>&nbsp;<\/p>\n<p><b>Az adatkezel\u0151i t\u00e1j\u00e9koztat\u00f3 m\u00f3dos\u00edt\u00e1sa<\/b><\/p>\n<p>Bizonyos id\u0151k\u00f6z\u00f6nk\u00e9nt m\u00f3dos\u00edthatjuk a jelen t\u00e1j\u00e9koztat\u00f3t. Amennyiben az \u00d6n szem\u00e9lyes adatai felhaszn\u00e1l\u00e1sa tekintet\u00e9ben jelent\u0151s vagy alapvet\u0151 v\u00e1ltoztat\u00e1sokat k\u00edv\u00e1nunk bevezetni, \u00fagy err\u0151l \u00d6nt a Weboldalunkon j\u00f3l l\u00e1that\u00f3an elhelyezett t\u00e1j\u00e9koztat\u00f3 vagy az \u00d6n r\u00e9sz\u00e9re k\u00f6zvetlen\u00fcl megk\u00fcld\u00f6tt \u00e9rtes\u00edt\u00e9s \u00fatj\u00e1n t\u00e1j\u00e9koztatni fogjuk. Amennyiben \u00d6n az ilyen v\u00e1ltoztat\u00e1sokkal nem \u00e9rt egyet, k\u00e9rj\u00fck, hogy a tov\u00e1bbiakban ne haszn\u00e1lja a jelen Weboldalt<\/p>\n<p>[\/et_pb_text][\/et_pb_column][\/et_pb_row][\/et_pb_section]<\/p>\n","protected":false},"excerpt":{"rendered":"<p>&nbsp; Adatv\u00e9delmi Szab\u00e1lyzat Ki az adatkezel\u0151? A jelen Adatkezel\u00e9si T\u00e1j\u00e9koztat\u00f3 (a \u201eT\u00e1j\u00e9koztat\u00f3\u201d) bemutatja, hogy a EOD-STAR Kft., sz\u00e9khelye: 1119 Budapest, Etele \u00fat 30. 1. em. 10. (\u201eEOD-STAR\u201d, \u201emi\u201d vagy \u201enek\u00fcnk\u201d) mint adatkezel\u0151 mik\u00e9nt kezeli \u00e9s tov\u00e1bb\u00edtja az \u00d6nh\u00f6z kapcsol\u00f3d\u00f3 adatokat (az \u00d6n \u201eszem\u00e9lyes adatai\u201d), melyeket a jelen weboldal (a \u201eWeboldal\u201d) \u00d6n \u00e1ltali l\u00e1togat\u00e1sa sor\u00e1n, vagy [&hellip;]<\/p>\n","protected":false},"author":6,"featured_media":0,"parent":0,"menu_order":0,"comment_status":"closed","ping_status":"closed","template":"","meta":{"_et_pb_use_builder":"on","_et_pb_old_content":"<style>\/*! elementor - v3.15.0 - 02-08-2023 *\/\n.elementor-heading-title{padding:0;margin:0;line-height:1}.elementor-widget-heading .elementor-heading-title[class*=elementor-size-]>a{color:inherit;font-size:inherit;line-height:inherit}.elementor-widget-heading .elementor-heading-title.elementor-size-small{font-size:15px}.elementor-widget-heading .elementor-heading-title.elementor-size-medium{font-size:19px}.elementor-widget-heading .elementor-heading-title.elementor-size-large{font-size:29px}.elementor-widget-heading .elementor-heading-title.elementor-size-xl{font-size:39px}.elementor-widget-heading .elementor-heading-title.elementor-size-xxl{font-size:59px}<\/style><h2>Adatkezel\u00e9si t\u00e1j\u00e9koztat\u00f3<\/h2>\t\t\n\t\t<p><b>Ki az adatkezel\u0151?<\/b><\/p><p>A jelen Adatkezel\u00e9si T\u00e1j\u00e9koztat\u00f3 (a \u201e<b>T\u00e1j\u00e9koztat\u00f3<\/b>\u201d) bemutatja, hogy a <b>EOD-STAR Kft.<\/b>, sz\u00e9khelye: 1119 Budapest, Etele \u00fat 30. 1. em. 10. (\u201e<b>EOD-STAR<\/b>\u201d, \u201e<b>mi<\/b>\u201d vagy \u201e<b>nek\u00fcnk<\/b>\u201d) mint adatkezel\u0151 mik\u00e9nt kezeli \u00e9s tov\u00e1bb\u00edtja az \u00d6nh\u00f6z kapcsol\u00f3d\u00f3 adatokat (az \u00d6n \u201e<b>szem\u00e9lyes adatai<\/b>\u201d), melyeket a jelen weboldal (a \u201e<b>Weboldal<\/b>\u201d) \u00d6n \u00e1ltali l\u00e1togat\u00e1sa sor\u00e1n, vagy akkor gy\u0171jt\u00fcnk, ha \u00d6n felveszi vel\u00fcnk a kapcsolatot, egy term\u00e9ket v\u00e1s\u00e1rol illetve szolg\u00e1ltat\u00e1st vesz ig\u00e9nybe. A jelen T\u00e1j\u00e9koztat\u00f3 tov\u00e1bb\u00e1 bemutatja azt is, hogyan kezelj\u00fck az \u00d6nnel kapcsolatba hozhat\u00f3 szem\u00e9lyes adatokat.\u00a0<\/p><p><b>Kinek tessz\u00fck hozz\u00e1f\u00e9rhet\u0151v\u00e9 az \u00d6n szem\u00e9lyes adatait?<\/b><\/p><p>Az \u00d6n szem\u00e9lyes adatait k\u00fcl\u00f6nf\u00e9le m\u00e9rt\u00e9kben hozz\u00e1f\u00e9rhet\u0151v\u00e9 tessz\u00fck:<\/p><ul><li style=\"font-weight: 400;\" aria-level=\"1\">olyan t\u00e1rsas\u00e1gok vagy m\u00e1s szervezetek r\u00e9sz\u00e9re, akik megb\u00edz\u00e1sunk alapj\u00e1n \u00e9s a nev\u00fcnkben szolg\u00e1ltat\u00e1sokat ny\u00fajtsanak sz\u00e1munkra, \u00fagymint webhoszting t\u00e1rsas\u00e1gok, levelez\u00e9si szolg\u00e1ltat\u00f3k, web analitikai szolg\u00e1ltat\u00f3k, rendezv\u00e9nyszervez\u0151 t\u00e1rsas\u00e1gok \u00e9s inform\u00e1ci\u00f3technol\u00f3giai szolg\u00e1ltat\u00e1sokat ny\u00fajt\u00f3 t\u00e1rsas\u00e1gok<\/li><li style=\"font-weight: 400;\" aria-level=\"1\">olyan t\u00e1rsas\u00e1gok vagy m\u00e1s szervezetek r\u00e9sz\u00e9re, amelyekkel kapcsolatban \u00d6n k\u00e9rte a szem\u00e9lyes adatai megoszt\u00e1s\u00e1t, vagy ehhez hozz\u00e1j\u00e1rul\u00e1s\u00e1t adta;<\/li><li style=\"font-weight: 400;\" aria-level=\"1\">szakmai tan\u00e1csad\u00f3k (\u00edgy \u00fcgyv\u00e9dek, k\u00f6nyvvizsg\u00e1l\u00f3k) r\u00e9sz\u00e9re;<\/li><li style=\"font-weight: 400;\" aria-level=\"1\">valamely nyomoz\u00f3 hat\u00f3s\u00e1g, b\u00edr\u00f3s\u00e1g, szab\u00e1lyoz\u00f3 hat\u00f3s\u00e1g, korm\u00e1nyzati, hat\u00f3s\u00e1gi szerv, m\u00e1s harmadik szem\u00e9ly r\u00e9sz\u00e9re, ha ez sz\u00fcks\u00e9ges valamely jogszab\u00e1lyi, hat\u00f3s\u00e1gi k\u00f6telezetts\u00e9g teljes\u00edt\u00e9se, a jogaink vagy harmadik szem\u00e9lyek jogai, term\u00e9szetes szem\u00e9lyek szem\u00e9lyes biztons\u00e1g\u00e1nak v\u00e9delme \u00e9rdek\u00e9ben, vagy annak \u00e9rdek\u00e9ben, hogy felder\u00edts\u00fcnk, megel\u0151zz\u00fcnk, kezelj\u00fcnk valamely vissza\u00e9l\u00e9s gyan\u00faj\u00e1t, egy biztons\u00e1gi incidenst.<\/li><\/ul><p><b>Milyen szem\u00e9lyes adatokat kezel\u00fcnk?<\/b><\/p><p>EOD-STAR szem\u00e9lyes adatokat gy\u0171jt a Weboldalon kereszt\u00fcl:\u00a0<\/p><ul><li style=\"font-weight: 400;\" aria-level=\"1\">amikor \u00d6n beviteli mez\u0151ket t\u00f6lt ki, levelet k\u00fcld r\u00e9sz\u00fcnkre vagy h\u00edrlev\u00e9lre iratkozik fel<\/li><\/ul><p>\u00e9s<\/p><ul><li style=\"font-weight: 400;\" aria-level=\"1\">automatiz\u00e1ltan cookie-k \u00e9s m\u00e1s hasonl\u00f3 technol\u00f3gi\u00e1k haszn\u00e1lat\u00e1val.\u00a0<\/li><\/ul><p>A Weboldal lehet\u0151v\u00e9 teszi, hogy szem\u00e9lyes adatait \u00d6n megadja, bele\u00e9rtve:<\/p><ul><li style=\"font-weight: 400;\" aria-level=\"1\">az \u00d6n nev\u00e9t \u00e9s el\u00e9rhet\u0151s\u00e9gi adatait (\u00fagymint az \u00d6n c\u00edm\u00e9t, telefonsz\u00e1m\u00e1t \u00e9s e-mail c\u00edm\u00e9t), \u00e9s \u2013 amennyiben kereskedelmi tev\u00e9kenys\u00e9ge k\u00f6r\u00e9ben j\u00e1r el \u2013 az \u00d6n \u00fczlet\u00e9re vagy munk\u00e1ltat\u00f3j\u00e1ra vonatkoz\u00f3 adatokat.<\/li><\/ul><p><b>Az \u00e1ltalunk gy\u0171jt\u00f6tt szem\u00e9lyes adatokat az al\u00e1bbi c\u00e9lokb\u00f3l haszn\u00e1ljuk fel:<\/b><\/p><ul><li style=\"font-weight: 400;\" aria-level=\"1\">az \u00d6n k\u00e9r\u00e9sei teljes\u00edt\u00e9se (p\u00e9ld\u00e1ul, hogy lehet\u0151v\u00e9 tegy\u00fck az \u00d6n sz\u00e1m\u00e1ra, hogy kapcsolatba l\u00e9pjen vel\u00fcnk)<\/li><li style=\"font-weight: 400;\" aria-level=\"1\">az \u00d6nnel fenn\u00e1ll\u00f3 \u00fczleti c\u00e9l\u00fa egy\u00fcttm\u0171k\u00f6d\u00e9s\u00fcnk \u00e9s kapcsolatunk kezel\u00e9se;<\/li><li style=\"font-weight: 400;\" aria-level=\"1\">az \u00d6n k\u00e9rd\u00e9seinek kezel\u00e9se, megv\u00e1laszol\u00e1sa;<\/li><li style=\"font-weight: 400;\" aria-level=\"1\">kutat\u00e1sok, el\u00e9gedetts\u00e9gi felm\u00e9r\u00e9sek lefolytat\u00e1sa;<\/li><li style=\"font-weight: 400;\" aria-level=\"1\">el\u0151zetesen ig\u00e9nyl\u00e9s ut\u00e1n rekl\u00e1manyagok, h\u00edrlevelek megk\u00fcld\u00e9se az \u00d6n r\u00e9sz\u00e9re az \u00d6n preferenci\u00e1inak megfelel\u0151 kommunik\u00e1ci\u00f3s csatorn\u00e1kon; \u00e9s<\/li><li style=\"font-weight: 400;\" aria-level=\"1\">a jogszab\u00e1lyi \u00e9s hat\u00f3s\u00e1gi k\u00f6telez\u00e9seknek val\u00f3 megfelel\u00e9s biztos\u00edt\u00e1sa, v\u00e1laszad\u00e1s a jogi elj\u00e1r\u00e1sokban, korm\u00e1nyzati szervek, m\u00e1s harmadik szem\u00e9lyek megkeres\u00e9seivel kapcsolatosan, \u00e9s a b\u0171ncselekm\u00e9nyek, csal\u00e1s megel\u0151z\u00e9se \u00e9s felder\u00edt\u00e9se, vagy az \u00d6n vagy m\u00e1sok jogainak v\u00e9delme \u00e9rdek\u00e9ben.<\/li><li style=\"font-weight: 400;\" aria-level=\"1\">a Weboldal m\u0171k\u00f6dtet\u00e9se, annak szem\u00e9lyre szab\u00e1sa az \u00d6n r\u00e9sz\u00e9re, valamint a Weboldal haszn\u00e1lat\u00e1nak felm\u00e9r\u00e9se, hogy azt fejleszteni tudjuk.<\/li><\/ul><p>Az al\u00e1bbi c\u00e9lokb\u00f3l \u00f6sszekapcsolhatjuk \u00e9s elemezhetj\u00fck az \u00d6n szem\u00e9lyes adatait:<\/p><ul><li style=\"font-weight: 400;\" aria-level=\"1\">term\u00e9keink, elj\u00e1r\u00e1saink, szolg\u00e1ltat\u00e1saink \u00e9s marketing \u00e9s \u00fczleti strat\u00e9gi\u00e1ink meg\u00e9rt\u00e9se, fejleszt\u00e9se \u00e9s jav\u00edt\u00e1sa;<\/li><li style=\"font-weight: 400;\" aria-level=\"1\">term\u00e9keink \u00e9s szolg\u00e1ltat\u00e1saink szem\u00e9lyre szab\u00e1sa az \u00d6n r\u00e9sz\u00e9re;<\/li><li style=\"font-weight: 400;\" aria-level=\"1\">az \u00fcgyfeleink jobb megismer\u00e9se; \u00e9s<\/li><li style=\"font-weight: 400;\" aria-level=\"1\">az \u00d6nnel fenn\u00e1ll\u00f3 kapcsolatunk kezel\u00e9se \u00e9s jav\u00edt\u00e1sa.<\/li><\/ul><p>A fentiek magukba foglalhatj\u00e1k az \u00d6n t\u00e1j\u00e9koztat\u00e1s\u00e1t forgalmaz\u00e1si strat\u00e9gi\u00e1nkr\u00f3l, a rekl\u00e1m \u00e9s \u00fcgyf\u00e9lszolg\u00e1lati szolg\u00e1ltat\u00e1saink hat\u00e9konys\u00e1g\u00e1nak m\u00e9r\u00e9s\u00e9t, piacelemz\u00e9sek elv\u00e9gz\u00e9s\u00e9t, \u00e9s az \u00d6nt \u00e9rdekl\u0151 term\u00e9kek vagy szolg\u00e1ltat\u00e1sok azonos\u00edt\u00e1s\u00e1t, valamint az \u00d6nnel val\u00f3 kapcsolatfelv\u00e9telt, hogy az ilyen term\u00e9kekr\u0151l \u00e9s szolg\u00e1ltat\u00e1sokr\u00f3l t\u00e1j\u00e9koztassuk \u00d6nt.<\/p><p>Ezt k\u00f6vet\u0151en az \u00d6n kommunik\u00e1ci\u00f3s csatorna-v\u00e1laszt\u00e1s\u00e1nak megfelel\u0151en \u00e9rtes\u00edt\u00e9seket k\u00fcldhet\u00fcnk \u00d6nnek e term\u00e9kekkel \u00e9s szolg\u00e1ltat\u00e1sokkal kapcsolatban, \u00e9s felhaszn\u00e1lhatjuk az \u00d6nnel kapcsolatban kezelt adatokat, hogy \u00e9rtes\u00edts\u00fck az \u00fcgyf\u00e9lszolg\u00e1lati k\u00f6zpontjainkat, amennyiben \u00d6n felveszi vel\u00fck a kapcsolatot. Egy\u00fcttm\u0171k\u00f6dhet\u00fcnk tov\u00e1bb\u00e1 harmadik szem\u00e9lyekkel abb\u00f3l a c\u00e9lb\u00f3l, hogy szem\u00e9lyre szabott hirdet\u00e9seket jelen\u00edts\u00fcnk meg \u00d6nnek k\u00f6z\u00f6ss\u00e9gi m\u00e9dia \u00fatj\u00e1n vagy - amennyiben \u00d6n hozz\u00e1j\u00e1rult a s\u00fctik alkalmaz\u00e1s\u00e1hoz \u2013 amikor \u00d6n az interneten b\u00f6ng\u00e9szik \/ megl\u00e1togat m\u00e1s weboldalakat. Ha rekl\u00e1manyagok k\u00fcld\u00e9s\u00e9t k\u00edv\u00e1nja letiltani, az ezzel kapcsolatos tov\u00e1bbi inform\u00e1ci\u00f3k az \u201e<b>Az \u00d6n jogai<\/b>\u201d elnevez\u00e9s\u0171 bekezd\u00e9sben tal\u00e1lhat\u00f3ak meg.<\/p><p>Az \u00d6n szem\u00e9lyes adatait az \u00d6n azonos\u00edt\u00e1s\u00e1ra alkalmas form\u00e1ban kiz\u00e1r\u00f3lag az adatkezel\u00e9s c\u00e9lj\u00e1val \u00f6sszhangban t\u00e1roljuk. Ez \u00e1ltal\u00e1noss\u00e1gban azt jelenti, hogy az \u00d6n szem\u00e9lyes adatait mindaddig t\u00e1roljuk, am\u00edg a k\u00f6vetkez\u0151 felt\u00e9telek valamelyike fenn\u00e1ll:<\/p><ul><li style=\"font-weight: 400;\" aria-level=\"1\">az \u00d6n szem\u00e9lyes adatai sz\u00fcks\u00e9gesek az \u00d6n \u00e1ltal ig\u00e9nyelt szolg\u00e1ltat\u00e1sok ny\u00fajt\u00e1s\u00e1hoz; vagy<\/li><li style=\"font-weight: 400;\" aria-level=\"1\">az \u00d6n szem\u00e9lyes adatai kezel\u00e9se jogaink vagy tulajdonunk v\u00e9delme \u00e9rdek\u00e9ben sz\u00fcks\u00e9ges (ez \u00e1ltal\u00e1noss\u00e1gban az ir\u00e1nyad\u00f3 el\u00e9v\u00fcl\u00e9si id\u0151tartam hossz\u00e1nak felel meg); vagy<\/li><li style=\"font-weight: 400;\" aria-level=\"1\">az alkalmazand\u00f3 jogszab\u00e1lyok (\u00edgy ad\u00f3z\u00e1si vagy sz\u00e1mviteli dokumentumokra vonatkoz\u00f3 meg\u0151rz\u00e9si k\u00f6telezetts\u00e9gek) alapj\u00e1n egy\u00e9bk\u00e9nt k\u00f6telesek vagyunk meg\u0151rizni az \u00d6n szem\u00e9lyes adatait.<\/li><\/ul><p>Az \u00d6n szem\u00e9lyes adatai kezel\u00e9se sor\u00e1n t\u00f6bb k\u00fcl\u00f6nb\u00f6z\u0151 jogalapra t\u00e1maszkodunk, \u00e9s az \u00d6n szem\u00e9lyes adatait az al\u00e1bbi helyzetekben gy\u0171jtj\u00fck \u00e9s kezelj\u00fck:<\/p><ul><li style=\"font-weight: 400;\" aria-level=\"1\">amennyiben az \u00d6n szem\u00e9lyes adatai felhaszn\u00e1l\u00e1sa a r\u00e9sz\u00fcnkr\u0151l <b>olyan szerz\u0151d\u00e9s vagy szerz\u0151d\u00e9sek teljes\u00edt\u00e9se \u00e9rdek\u00e9ben sz\u00fcks\u00e9ges, amelyben \u00d6n f\u00e9l, vagy az a szerz\u0151d\u00e9s megk\u00f6t\u00e9s\u00e9t megel\u0151z\u0151en az \u00d6n k\u00e9r\u00e9s\u00e9re teljes\u00edtend\u0151 l\u00e9p\u00e9sek megt\u00e9tel\u00e9hez sz\u00fcks\u00e9ges<\/b>.\u00a0<\/li><li style=\"font-weight: 400;\" aria-level=\"1\">amennyiben az \u00d6n szem\u00e9lyes adatait az\u00e9rt kezelj\u00fck, mert az <b>a mi vagy azon szervezet jogos \u00e9rdeke \u00e9rv\u00e9nyes\u00edt\u00e9se \u00e9rdek\u00e9ben sz\u00fcks\u00e9ges, amellyel az \u00d6n szem\u00e9lyes adatait megosztottuk<\/b>, \u00e9s egyben biztos\u00edtottuk az \u00d6n szem\u00e9lyes adatai \u00e9s az \u00d6n kapcsol\u00f3d\u00f3 \u00e9rintetti jogai v\u00e9delm\u00e9t. P\u00e9ld\u00e1ul erre a jogalapra t\u00e1maszkodunk, amikor mi \u00e9s\/vagy a EOD-STAR tartoz\u00f3 m\u00e1s t\u00e1rsas\u00e1gok felhaszn\u00e1lj\u00e1k az \u00d6n szem\u00e9lyes adatait az al\u00e1bbi c\u00e9lokb\u00f3l: a term\u00e9kei(n)k, szolg\u00e1ltat\u00e1sai(n)k \u00e9s\/vagy \u00fczlet\u00fc(n)k vagy rekl\u00e1m strat\u00e9gi\u00e1i(n)k meg\u00e9rt\u00e9se \u00e9s jav\u00edt\u00e1sa; kutat\u00e1s; az \u00d6nnel fenn\u00e1ll\u00f3 kapcsolatunk kezel\u00e9se \u00e9s jav\u00edt\u00e1sa \u00e9s adminisztrat\u00edv c\u00e9lok; annak meghat\u00e1roz\u00e1sa, hogy \u00d6nt milyen inform\u00e1ci\u00f3k, term\u00e9kek \u00e9s szolg\u00e1ltat\u00e1sok \u00e9rdeklik, \u00e9s az ezen term\u00e9kekkel \u00e9s szolg\u00e1ltat\u00e1sokkal kapcsolatos inform\u00e1ci\u00f3k, aj\u00e1nlatok \u00e9s online hirdet\u00e9sek megk\u00fcld\u00e9se \u00e9s megjelen\u00edt\u00e9se \u00d6nnek; a term\u00e9keinkkel \u00e9s szolg\u00e1ltat\u00e1sainkkal kapcsolatos \u00e9lm\u00e9ny\u00e9nek testre szab\u00e1sa; annak biztos\u00edt\u00e1sa, hogy a term\u00e9keinket \u00e9s szolg\u00e1ltat\u00e1sainkat a r\u00e1juk ir\u00e1nyad\u00f3 jogszab\u00e1lyoknak \u00e9s felhaszn\u00e1l\u00e1si felt\u00e9teleknek megfelel\u0151en ny\u00fajts\u00e1k \u00e9s haszn\u00e1lj\u00e1k; \u00e9s a mi vagy m\u00e1sok jogainak vagy tulajdon\u00e1nak v\u00e9delme, vagy csal\u00e1s, biztons\u00e1gi vagy adatv\u00e9delmi incidensek felder\u00edt\u00e9se, megel\u0151z\u00e9se \u00e9s kezel\u00e9se;<\/li><li style=\"font-weight: 400;\" aria-level=\"1\">amennyiben az \u00d6n szem\u00e9lyes adatainak kezel\u00e9se sz\u00fcks\u00e9ges a r\u00e1nk <b>vonatkoz\u00f3 jogszab\u00e1lyi vagy szab\u00e1lyoz\u00e1si k\u00f6telezetts\u00e9gnek val\u00f3 megfelel\u00e9s<\/b> \u00e9rdek\u00e9ben\u00a0<\/li><li style=\"font-weight: 400;\" aria-level=\"1\">egyes kiv\u00e9teles esetekben, mikor \u00e1ll\u00e1spontunk szerint az adatkezel\u00e9s m\u00e1s biztons\u00e1ga vagy <b>l\u00e9tfontoss\u00e1g\u00fa \u00e9rdeke<\/b> v\u00e9delme miatt sz\u00fcks\u00e9ges;<\/li><li style=\"font-weight: 400;\" aria-level=\"1\">amennyiben \u00d6n ahhoz <b>hozz\u00e1j\u00e1rul\u00e1s\u00e1t adta<\/b>. Az \u00d6n hozz\u00e1j\u00e1rul\u00e1s\u00e1ra akkor t\u00e1maszkodunk, amikor p\u00e9ld\u00e1ul olyan m\u0171szaki inform\u00e1ci\u00f3kat gy\u0171jt\u00fcnk, mint a s\u00fctikb\u0151l vagy m\u00e1s hasonl\u00f3 technol\u00f3gi\u00e1kb\u00f3l sz\u00e1rmaz\u00f3 inform\u00e1ci\u00f3k, vagy amikor az \u00d6n szem\u00e9lyes adatait e-mail \u00e9s sz\u00f6veges \u00fczenet k\u00fcld\u00e9s\u00e9hez, k\u00f6zvetlen \u00fczletszerz\u00e9si c\u00e9lb\u00f3l haszn\u00e1ljuk fel. Amennyiben az \u00d6n szem\u00e9lyes adatainak kezel\u00e9se \u00e9rdek\u00e9ben az \u00d6n hozz\u00e1j\u00e1rul\u00e1s\u00e1ra t\u00e1maszkodunk, \u00d6n e hozz\u00e1j\u00e1rul\u00e1s\u00e1t b\u00e1rmikor jogosult visszavonni. Tov\u00e1bbi inform\u00e1ci\u00f3\u00e9rt, k\u00e9rj\u00fck, tekintse meg a jelen T\u00e1j\u00e9koztat\u00f3 \u201e<b>Az \u00d6n jogai<\/b>\u201d c\u00edm\u0171 bekezd\u00e9s\u00e9t.<\/li><\/ul><p>A szem\u00e9lyes adatokat az EOD-STAR illetve az EOD-STAR nev\u00e9ben elj\u00e1r\u00f3 inform\u00e1ci\u00f3 technol\u00f3giai szolg\u00e1ltat\u00f3 t\u00e1rolja \u00e9s addig, ameddig arra a mi k\u00f6telezetts\u00e9geink teljes\u00edt\u00e9se \u00e9rdek\u00e9ben sz\u00fcks\u00e9g van, illetve annyi ideig, ami sz\u00fcks\u00e9ges azon c\u00e9l el\u00e9r\u00e9s\u00e9hez, amely \u00e9rdek\u00e9ben az adatokat r\u00f6gz\u00edtett\u00fck. A szem\u00e9lyes adatok nyilv\u00e1ntart\u00e1sainkb\u00f3l t\u00f6rl\u00e9sre, vagy megfelel\u0151 anonimiz\u00e1l\u00e1sra ker\u00fclnek, ha azokra m\u00e1r nincs sz\u00fcks\u00e9g.\u00a0<\/p><p>A k\u00f6zvetlen \u00fczletszerz\u00e9s c\u00e9lj\u00e1b\u00f3l, hozz\u00e1j\u00e1rul\u00e1s alapj\u00e1n kezelt adatokat az EOD-STAR \u00fcgyfelek eset\u00e9n legfeljebb nyolc \u00e9vig, tov\u00e1bb\u00e1 potenci\u00e1lis \u00fcgyfelek eset\u00e9ben (\u00e9rdekl\u0151d\u0151) legfeljebb h\u00e1rom napt\u00e1ri \u00e9vig \u0151rizi meg, kiv\u00e9ve, ha \u00d6n a szem\u00e9lyes adatai kezel\u00e9s\u00e9hez ezen id\u0151pontot megel\u0151z\u0151en ism\u00e9telten hozz\u00e1j\u00e1rul\u00e1s\u00e1t adja nek\u00fcnk.\u00a0<\/p><p>\u00a0<\/p><p><b>Az \u00d6n jogai<\/b><\/p><p>\u00d6n, mint term\u00e9szetes szem\u00e9ly jogosult arra, hogy t\u00e1j\u00e9koztat\u00e1st k\u00e9rjen arra vonatkoz\u00f3an, hogy az EOD-STAR milyen szem\u00e9lyes adatokat kezel \u00d6nr\u0151l, \u00e9s hogy ezen adatok kezel\u00e9s\u00e9nek mi a c\u00e9lja, valamint hozz\u00e1f\u00e9r\u00e9st k\u00e9rhet ezen adatokhoz, \u00e9s sz\u00fcks\u00e9g eset\u00e9n k\u00e9rheti azok helyesb\u00edt\u00e9s\u00e9t. Egyes esetekben tov\u00e1bb\u00e1 jogosult arra is, hogy tiltakozzon a szem\u00e9lyes adatai \u00e1ltalunk t\u00f6rt\u00e9n\u0151 kezel\u00e9se ellen, k\u00e9rje a szem\u00e9lyes adatai kezel\u00e9s\u00e9nek korl\u00e1toz\u00e1s\u00e1t vagy azok t\u00f6rl\u00e9s\u00e9t, illetve k\u00e9rheti, hogy az \u00d6nre vonatkoz\u00f3 szem\u00e9lyes adatokat sz\u00e9les k\u00f6rben haszn\u00e1lt elektronikus form\u00e1tumban \u00e1tadjuk \u00d6nnek annak \u00e9rdek\u00e9ben, hogy azt \u00d6n megoszthassa m\u00e1s szervezetekkel.<\/p><p>\u00a0<\/p><p><b>A TILTAKOZ\u00c1SHOZ VAL\u00d3 JOG\u00a0<\/b><\/p><p>\u00a0<\/p><p><b>Amennyiben az \u00d6n szem\u00e9lyes adatainak kezel\u00e9se jogos \u00e9rdek(ek) \u00e9rv\u00e9nyes\u00edt\u00e9se miatt sz\u00fcks\u00e9ges, \u00d6n jogosult arra, hogy a saj\u00e1t helyzet\u00e9vel kapcsolatos okokb\u00f3l b\u00e1rmikor tiltakozzon szem\u00e9lyes adatainak \u00e1ltalunk t\u00f6rt\u00e9n\u0151 kezel\u00e9se ellen. Ilyen esetben el\u0151fordulhat, hogy nem kezelhetj\u00fck tov\u00e1bb az \u00d6n szem\u00e9lyes adatait. Amennyiben \u00d6nt megilleti a tiltakoz\u00e1shoz val\u00f3 jog, \u00e9s \u00d6n gyakorolja ezen jog\u00e1t, az \u00d6n szem\u00e9lyes adatait nem kezelj\u00fck tov\u00e1bb ilyen c\u00e9lokb\u00f3l. E jog gyakorl\u00e1sa nem j\u00e1r k\u00f6lts\u00e9gekkel. A tiltakoz\u00e1shoz val\u00f3 jog\u00e1t oly m\u00f3don gyakorolhatja, hogy kapcsolatba l\u00e9p vel\u00fcnk.\u00a0\u00a0<\/b><\/p><p>\u00a0<\/p><p>Amennyiben \u00d6n hozz\u00e1j\u00e1rult a szem\u00e9lyes adatai kezel\u00e9s\u00e9hez, \u00d6n jogosult arra, hogy \u00d6n a hozz\u00e1j\u00e1rul\u00e1s\u00e1t b\u00e1rmikor visszavonja. A hozz\u00e1j\u00e1rul\u00e1s visszavon\u00e1sa nem \u00e9rinti az azt megel\u0151z\u0151 adatkezel\u00e9s jogszer\u0171s\u00e9g\u00e9t. Amennyiben \u00d6n gyakorolni k\u00edv\u00e1nja a hozz\u00e1j\u00e1rul\u00e1s visszavon\u00e1s\u00e1nak jog\u00e1t, k\u00e9rj\u00fck, vegye fel vel\u00fcnk a kapcsolatot a lent megadott c\u00edm\u00fcnk\u00f6n!<\/p><p>Felh\u00edvjuk a figyelm\u00e9t, hogy a fenti jogok jogszer\u0171 okokb\u00f3l, sz\u00fcks\u00e9ges \u00e9s ar\u00e1nyos m\u00e9rt\u00e9kben korl\u00e1tozhat\u00f3k, illetve az azok gyakorl\u00e1s\u00e1ra ir\u00e1nyul\u00f3 k\u00e9relmek indokolt esetekben megtagadhat\u00f3k (pl. ha azok teljes\u00edt\u00e9se h\u00e1tr\u00e1nyosan \u00e9rinten\u00e9 m\u00e1sok jogait).<\/p><p>T\u00e1j\u00e9koztatjuk, hogy amennyiben k\u00e9r\u00e9se megalapozatlan vagy t\u00falz\u00f3 (pl. annak ism\u00e9tl\u0151d\u0151 jellege miatt),<\/p><ul><li style=\"font-weight: 400;\" aria-level=\"1\">k\u00e9r\u00e9s\u00e9nek teljes\u00edt\u00e9s\u00e9t megtagadhatjuk, vagy<\/li><li style=\"font-weight: 400;\" aria-level=\"1\">a k\u00e9rt inform\u00e1ci\u00f3 vagy t\u00e1j\u00e9koztat\u00e1s ny\u00fajt\u00e1s\u00e1val vagy a k\u00e9rt int\u00e9zked\u00e9s meghozatal\u00e1val j\u00e1r\u00f3 adminisztrat\u00edv k\u00f6lts\u00e9gek figyelembev\u00e9tel\u00e9vel \u00e9szszer\u0171 \u00f6sszeg\u0171 d\u00edjat sz\u00e1m\u00edthatunk fel.<\/li><\/ul><p>Amennyiben \u00d6n enged\u00e9lyezte a EOD-STAR-t\u00f3l sz\u00e1rmaz\u00f3 rekl\u00e1m c\u00e9l\u00fa kommunik\u00e1ci\u00f3k fogad\u00e1s\u00e1t, ezzel kapcsolatban \u00d6n b\u00e1rmikor meggondolhatja mag\u00e1t. Amennyiben \u00d6n a tov\u00e1bbiakban nem szeretne marketing kommunik\u00e1ci\u00f3s anyagokat fogadni a EOD-STAR-t\u00f3l, k\u00e9rj\u00fck, \u00edrjon az al\u00e1bbi c\u00edmre:<\/p><p><b>Adatv\u00e9delmi Megkeres\u00e9s<\/b><\/p><p><b>EOD-STAR Kft.<\/b><\/p><p>1119 Budapest, Etele \u00fat 30. 1. em.<\/p><p>Vagy k\u00fcldj\u00f6n e-mailt:<\/p><p><a href=\"mailto:iroda@eod-star.hu\"><b>iroda@eod-star.hu<\/b><\/a><\/p><p>Amennyiben a szem\u00e9lyes adatai EOD-STAR \u00e1ltal t\u00f6rt\u00e9n\u0151 kezel\u00e9s\u00e9vel kapcsolatban b\u00e1rmilyen k\u00e9rd\u00e9se vagy megjegyz\u00e9se van, ha t\u00e1j\u00e9koztat\u00e1st szeretne kapni az \u00d6nnel kapcsolatban kezelt adatokr\u00f3l, vagy ha gyakorolni k\u00edv\u00e1nja a szem\u00e9lyes adataival kapcsolatos jogait, k\u00e9rj\u00fck, l\u00e9pjen vel\u00fcnk kapcsolatba a k\u00f6vetkez\u0151 m\u00f3don:<\/p><p>\u00a0<\/p><p>Adatv\u00e9delmi Megkeres\u00e9s, EOD-STAR Kft., 1119 Budapest, Etele \u00fat 30. 1. em.<\/p><p>Vagy k\u00fcldj\u00f6n e-mailt:<\/p><p><a href=\"mailto:iroda@eod-star.hu\"><b>iroda@eod-star.hu<\/b><\/a><\/p><p>Amennyiben \u00fagy \u00edt\u00e9li meg, hogy jogait megs\u00e9rtett\u00e9k, az al\u00e1bbi lehet\u0151s\u00e9gei vannak:<\/p><ol><li><b> L\u00e9pjen vel\u00fcnk kapcsolatba<\/b><\/li><\/ol><p>Panasza eset\u00e9n k\u00e9rj\u00fck l\u00e9pjen vel\u00fcnk kapcsolatba, a fentebb megjel\u00f6lt el\u00e9rhet\u0151s\u00e9gek egyik\u00e9n.<\/p><p>A EOD-STAR Adatv\u00e9delmi Tisztvisel\u0151t jel\u00f6lt ki, akivel \u00d6n szint\u00e9n kapcsolatba l\u00e9phet a <b>iroda@eod-star.hu<\/b> e-mailen.<\/p><p>Amennyiben \u00d6nnek a szem\u00e9lyes adatai EOD-STAR \u00e1ltali kezel\u00e9s\u00e9vel kapcsolatban panaszai lenn\u00e9nek, rem\u00e9lj\u00fck, hogy vel\u00fcnk veszi fel a kapcsolatot!<\/p><ol start=\"2\"><li><b> A Nemzeti Adatv\u00e9delmi \u00e9s Inform\u00e1ci\u00f3szabads\u00e1g Hat\u00f3s\u00e1ghoz (\"NAIH\") fordulhat panasszal<\/b><\/li><\/ol><p>\u00d6n jogosult panaszt tenni a NAIH-n\u00e1l, ha az \u00d6n meg\u00edt\u00e9l\u00e9se szerint az \u00d6nre vonatkoz\u00f3 szem\u00e9lyes adatok kezel\u00e9se megs\u00e9rti a vonatkoz\u00f3 jogszab\u00e1lyokat. A NAIH vizsg\u00e1lata ingyenes, az elj\u00e1r\u00e1s r\u00e9szletes szab\u00e1lyait az Info tv. VI. fejezete tartalmazza.<\/p><p>A NAIH el\u00e9rhet\u0151s\u00e9gei:<\/p><p>C\u00edm: 1055 Budapest, Falk Miksa utca 9-11.<\/p><p>Levelez\u00e9si c\u00edm: 1363 Budapest, Pf.: 9.<\/p><p>Telefon: +36 (1) 391 1400<\/p><p>Fax: +36 (1) 391-1410<\/p><p>Email: <b>ugyfelszolgalat@naih.hu<\/b><\/p><p>URL: <a href=\"http:\/\/naih.hu\/\"><b>http:\/\/naih.hu<\/b><\/a><\/p><ol start=\"3\"><li><b> B\u00edr\u00f3s\u00e1ghoz fordulhat<\/b><\/li><\/ol><p>Amennyiben \u00fagy \u00edt\u00e9li meg, hogy a EOD-STAR adatkezel\u00e9se megs\u00e9rtette az \u00d6n jogait, \u00fagy \u2014 a NAIH-n\u00e1l megtett panasz\u00e1t\u00f3l f\u00fcggetlen\u00fcl \u2014 polg\u00e1ri pert is kezdem\u00e9nyezhet a EOD-STAR-dal szemben. A perben f\u0151szab\u00e1ly szerint a Budapest K\u00f6rny\u00e9ki T\u00f6rv\u00e9nysz\u00e9k j\u00e1r el, de az elj\u00e1r\u00e1st (v\u00e1laszt\u00e1sa szerint) az \u00d6n a lak\u00f3helye vagy tart\u00f3zkod\u00e1si helye szerint illet\u00e9kes t\u00f6rv\u00e9nysz\u00e9k el\u0151tt is megind\u00edthatja.<\/p><p>\u00a0<\/p><p><b>M\u00e1s weboldalak \u00e9s k\u00f6z\u00f6ss\u00e9gi szolg\u00e1ltat\u00e1sok<\/b><\/p><p>A jelen Weboldal olyan, m\u00e1s weboldalakra mutat\u00f3 linkeket tartalmazhat, amelyek nem tartoznak az ir\u00e1ny\u00edt\u00e1sunk al\u00e1, \u00e9s amelyre a jelen T\u00e1j\u00e9koztat\u00f3 nem vonatkozik. Amennyiben az ilyen linkek haszn\u00e1lat\u00e1val \u00d6n ell\u00e1togat ezen m\u00e1s weboldalakra, a weboldal \u00fczemeltet\u0151je adatokat gy\u0171jthet \u00d6nnel kapcsolatban, amelyeket a saj\u00e1t adatkezel\u00e9si t\u00e1j\u00e9koztat\u00f3juknak megfelel\u0151en haszn\u00e1lnak fel, amely a jelen T\u00e1j\u00e9koztat\u00f3 rendelkez\u00e9seit\u0151l elt\u00e9r\u0151 lehet.<\/p><p>\u00a0<\/p><p>A Weboldal tov\u00e1bb\u00e1 lehet\u0151v\u00e9 teheti, hogy a EOD-STAR-al, a Weboldallal vagy az azon kereszt\u00fcl el\u00e9rhet\u0151 term\u00e9kekkel \u00e9s\/vagy szolg\u00e1ltat\u00e1sokkal kapcsolatos inform\u00e1ci\u00f3kat osszon meg vagy k\u00f6vessen harmadik szem\u00e9ly \u00e1ltal biztos\u00edtott k\u00f6z\u00f6ss\u00e9gi h\u00e1l\u00f3 szolg\u00e1ltat\u00e1s r\u00e9v\u00e9n (\u00fagymint a \"megoszt\u00e1s\", \"kedvel\u00e9s\" vagy \"k\u00f6vet\u00e9s\" gombok haszn\u00e1lata r\u00e9v\u00e9n).<\/p><p>\u00a0<\/p><p>Ezt a funkci\u00f3t az\u00e9rt tessz\u00fck el\u00e9rhet\u0151v\u00e9, hogy az \u00d6n k\u00f6z\u00f6ss\u00e9gi h\u00e1l\u00f3j\u00e1nak tagjai k\u00f6r\u00e9ben felkelts\u00fck az \u00e9rdekl\u0151d\u00e9st a Weboldal ir\u00e1nt, \u00e9s hogy lehet\u0151v\u00e9 tegy\u00fck az \u00d6n sz\u00e1m\u00e1ra, hogy a Weboldallal kapcsolatos v\u00e9lem\u00e9ny\u00e9t, h\u00edreket vagy aj\u00e1nl\u00e1sokat osszon meg vagy k\u00f6vessen az \u00d6n kapcsolatai tekintet\u00e9ben. Azonban k\u00e9rj\u00fck, vegye figyelembe, hogy a szem\u00e9lyes adatai k\u00f6z\u00f6ss\u00e9gi h\u00e1l\u00f3n kereszt\u00fcl t\u00f6rt\u00e9n\u0151 megoszt\u00e1sa azt eredm\u00e9nyezheti, hogy a k\u00f6z\u00f6ss\u00e9gi h\u00e1l\u00f3 szolg\u00e1ltat\u00f3ja kezelni fogja ezen adatait, \u00e9s azokat nyilv\u00e1nosan el\u00e9rhet\u0151v\u00e9 teszi, p\u00e9ld\u00e1ul internetes keres\u0151motorok r\u00e9v\u00e9n.<\/p><p>\u00a0<\/p><p>Javasoljuk, hogy mindig tekintse \u00e1t az adatkezel\u00e9si t\u00e1j\u00e9koztat\u00f3j\u00e1t azon weboldalaknak, amelyeket megl\u00e1togat, vagy azon k\u00f6z\u00f6ss\u00e9gi h\u00e1l\u00f3 szolg\u00e1ltat\u00e1soknak, amelyeken kereszt\u00fcl megosztja az adatait.<\/p><p>\u00a0<\/p><p><b>Az adatkezel\u0151i t\u00e1j\u00e9koztat\u00f3 m\u00f3dos\u00edt\u00e1sa<\/b><\/p><p>Bizonyos id\u0151k\u00f6z\u00f6nk\u00e9nt m\u00f3dos\u00edthatjuk a jelen t\u00e1j\u00e9koztat\u00f3t. Amennyiben az \u00d6n szem\u00e9lyes adatai felhaszn\u00e1l\u00e1sa tekintet\u00e9ben jelent\u0151s vagy alapvet\u0151 v\u00e1ltoztat\u00e1sokat k\u00edv\u00e1nunk bevezetni, \u00fagy err\u0151l \u00d6nt a Weboldalunkon j\u00f3l l\u00e1that\u00f3an elhelyezett t\u00e1j\u00e9koztat\u00f3 vagy az \u00d6n r\u00e9sz\u00e9re k\u00f6zvetlen\u00fcl megk\u00fcld\u00f6tt \u00e9rtes\u00edt\u00e9s \u00fatj\u00e1n t\u00e1j\u00e9koztatni fogjuk. Amennyiben \u00d6n az ilyen v\u00e1ltoztat\u00e1sokkal nem \u00e9rt egyet, k\u00e9rj\u00fck, hogy a tov\u00e1bbiakban ne haszn\u00e1lja a jelen Weboldalt<\/p>","_et_gb_content_width":"","footnotes":""},"class_list":["post-3","page","type-page","status-publish","hentry"],"_links":{"self":[{"href":"https:\/\/eod-star.hu\/hu\/wp-json\/wp\/v2\/pages\/3","targetHints":{"allow":["GET"]}}],"collection":[{"href":"https:\/\/eod-star.hu\/hu\/wp-json\/wp\/v2\/pages"}],"about":[{"href":"https:\/\/eod-star.hu\/hu\/wp-json\/wp\/v2\/types\/page"}],"author":[{"embeddable":true,"href":"https:\/\/eod-star.hu\/hu\/wp-json\/wp\/v2\/users\/6"}],"replies":[{"embeddable":true,"href":"https:\/\/eod-star.hu\/hu\/wp-json\/wp\/v2\/comments?post=3"}],"version-history":[{"count":44,"href":"https:\/\/eod-star.hu\/hu\/wp-json\/wp\/v2\/pages\/3\/revisions"}],"predecessor-version":[{"id":26099,"href":"https:\/\/eod-star.hu\/hu\/wp-json\/wp\/v2\/pages\/3\/revisions\/26099"}],"wp:attachment":[{"href":"https:\/\/eod-star.hu\/hu\/wp-json\/wp\/v2\/media?parent=3"}],"curies":[{"name":"wp","href":"https:\/\/api.w.org\/{rel}","templated":true}]}}